{"id":43,"date":"2022-01-11T20:14:12","date_gmt":"2022-01-11T20:14:12","guid":{"rendered":"http:\/\/hostingwp2033406.online.pro\/dummy\/semineevestea\/?page_id=43"},"modified":"2022-03-01T13:33:32","modified_gmt":"2022-03-01T13:33:32","slug":"cosuri-de-fum","status":"publish","type":"page","link":"https:\/\/semineevistea.ro\/index.php\/lucrari-din-piatra\/cosuri-de-fum\/","title":{"rendered":"Co\u0219uri de fum"},"content":{"rendered":"<p>[et_pb_section fb_built=&#8221;1&#8243; _builder_version=&#8221;4.14.5&#8243; _module_preset=&#8221;default&#8221; locked=&#8221;off&#8221; global_colors_info=&#8221;{}&#8221;][et_pb_row _builder_version=&#8221;4.14.5&#8243; _module_preset=&#8221;default&#8221; global_colors_info=&#8221;{}&#8221;][et_pb_column type=&#8221;4_4&#8243; _builder_version=&#8221;4.14.5&#8243; _module_preset=&#8221;default&#8221; global_colors_info=&#8221;{}&#8221;][et_pb_text _builder_version=&#8221;4.14.5&#8243; _module_preset=&#8221;default&#8221; text_font=&#8221;|700|||||||&#8221; text_text_color=&#8221;#FFFFFF&#8221; text_font_size=&#8221;30px&#8221; text_font_size_tablet=&#8221;25px&#8221; text_font_size_phone=&#8221;20px&#8221; text_font_size_last_edited=&#8221;on|phone&#8221; text_text_shadow_style=&#8221;preset1&#8243; global_colors_info=&#8221;{}&#8221;]<\/p>\n<p style=\"text-align: center;\">Co\u0219uri de fum<\/p>\n<p>[\/et_pb_text][\/et_pb_column][\/et_pb_row][\/et_pb_section][et_pb_section fb_built=&#8221;1&#8243; _builder_version=&#8221;4.14.5&#8243; _module_preset=&#8221;default&#8221; use_background_color_gradient=&#8221;on&#8221; background_color_gradient_start=&#8221;rgba(0,0,0,0.2)&#8221; background_color_gradient_end=&#8221;rgba(0,0,0,0.3)&#8221; background_color_gradient_overlays_image=&#8221;on&#8221; background_image=&#8221;https:\/\/semineevistea.ro\/wp-content\/uploads\/2022\/01\/pexels-karolina-grabowska-4705853-1.jpg&#8221; positioning=&#8221;absolute&#8221; min_height=&#8221;379px&#8221; custom_margin=&#8221;-140px||-20px||false|false&#8221; custom_margin_tablet=&#8221;-160px||||false|false&#8221; custom_margin_phone=&#8221;-180px||-20px||false|false&#8221; custom_margin_last_edited=&#8221;on|phone&#8221; locked=&#8221;off&#8221; global_colors_info=&#8221;{}&#8221;][\/et_pb_section][et_pb_section fb_built=&#8221;1&#8243; _builder_version=&#8221;4.14.5&#8243; _module_preset=&#8221;default&#8221; custom_padding=&#8221;23px||0px|||&#8221; global_colors_info=&#8221;{}&#8221;][et_pb_row _builder_version=&#8221;4.14.5&#8243; _module_preset=&#8221;default&#8221; global_colors_info=&#8221;{}&#8221;][et_pb_column type=&#8221;4_4&#8243; _builder_version=&#8221;4.14.5&#8243; _module_preset=&#8221;default&#8221; global_colors_info=&#8221;{}&#8221;][et_pb_text _builder_version=&#8221;4.14.5&#8243; _module_preset=&#8221;default&#8221; header_line_height=&#8221;1.4em&#8221; header_4_line_height=&#8221;1.6em&#8221; global_colors_info=&#8221;{}&#8221;]<\/p>\n<h4>Pentru alegerea\/construirea co\u0219ului de fum v\u0103 recomand\u0103m consultarea specialistului. Tipul \u0219i dimensiunile potrivite ale co\u0219ului de fum sunt decisive \u00een eficientizarea \u0219emineului.<\/h4>\n<h4>Asigurarea unui co\u0219 de fum curat, pentru evacuarea corect\u0103 \u0219i \u00een \u00eentregime a gazelor, cur\u0103\u021barea periodic\u0103 a acestuia, duc de asemenea la eficientizarea \u0219i asigurarea func\u021bion\u0103rii corecte a \u0219emineului.<\/h4>\n<p>[\/et_pb_text][\/et_pb_column][\/et_pb_row][\/et_pb_section][et_pb_section fb_built=&#8221;1&#8243; _builder_version=&#8221;4.14.5&#8243; _module_preset=&#8221;default&#8221; min_height=&#8221;283px&#8221; custom_padding=&#8221;||112px|||&#8221; global_colors_info=&#8221;{}&#8221;][et_pb_row column_structure=&#8221;1_2,1_2&#8243; _builder_version=&#8221;4.14.5&#8243; _module_preset=&#8221;default&#8221; global_colors_info=&#8221;{}&#8221;][et_pb_column type=&#8221;1_2&#8243; _builder_version=&#8221;4.14.5&#8243; _module_preset=&#8221;default&#8221; global_colors_info=&#8221;{}&#8221;][et_pb_text _builder_version=&#8221;4.14.5&#8243; _module_preset=&#8221;default&#8221; header_4_line_height=&#8221;1.4em&#8221; custom_margin=&#8221;||5px||false|false&#8221; custom_padding=&#8221;||||false|false&#8221; header_4_font_size_tablet=&#8221;16px&#8221; header_4_font_size_phone=&#8221;14px&#8221; header_4_font_size_last_edited=&#8221;on|phone&#8221; locked=&#8221;off&#8221; global_colors_info=&#8221;{}&#8221;]<\/p>\n<h4 style=\"text-align: left;\"><strong>Co\u0219 de fum ceramic \u00eembr\u0103cat cu piatr\u0103.<\/strong><\/h4>\n<p>[\/et_pb_text][et_pb_divider color=&#8221;#c0a188&#8243; divider_weight=&#8221;3px&#8221; _builder_version=&#8221;4.14.5&#8243; _module_preset=&#8221;default&#8221; width=&#8221;10%&#8221; width_tablet=&#8221;10%&#8221; width_phone=&#8221;20%&#8221; width_last_edited=&#8221;on|phone&#8221; custom_margin_tablet=&#8221;||20px||false|false&#8221; custom_margin_phone=&#8221;||20px||false|false&#8221; custom_margin_last_edited=&#8221;on|desktop&#8221; locked=&#8221;off&#8221; global_colors_info=&#8221;{}&#8221;][\/et_pb_divider][et_pb_gallery gallery_ids=&#8221;4524&#8243; show_title_and_caption=&#8221;off&#8221; show_pagination=&#8221;off&#8221; zoom_icon_color=&#8221;rgba(255,255,255,0.4)&#8221; hover_overlay_color=&#8221;rgba(81,81,81,0.4)&#8221; hover_icon=&#8221;&#x57;||divi||400&#8243; _builder_version=&#8221;4.14.5&#8243; _module_preset=&#8221;default&#8221; global_colors_info=&#8221;{}&#8221;][\/et_pb_gallery][\/et_pb_column][et_pb_column type=&#8221;1_2&#8243; _builder_version=&#8221;4.14.5&#8243; _module_preset=&#8221;default&#8221; global_colors_info=&#8221;{}&#8221;][et_pb_text _builder_version=&#8221;4.14.5&#8243; _module_preset=&#8221;default&#8221; header_4_line_height=&#8221;1.4em&#8221; custom_margin=&#8221;||5px||false|false&#8221; custom_padding=&#8221;||||false|false&#8221; header_4_font_size_tablet=&#8221;16px&#8221; header_4_font_size_phone=&#8221;14px&#8221; header_4_font_size_last_edited=&#8221;on|phone&#8221; locked=&#8221;off&#8221; global_colors_info=&#8221;{}&#8221;]<\/p>\n<h4 style=\"text-align: left;\"><strong>Co\u0219 de fum triplu strat inox<\/strong><\/h4>\n<p>[\/et_pb_text][et_pb_divider color=&#8221;#c0a188&#8243; divider_weight=&#8221;3px&#8221; _builder_version=&#8221;4.14.5&#8243; _module_preset=&#8221;default&#8221; width=&#8221;10%&#8221; width_tablet=&#8221;10%&#8221; width_phone=&#8221;20%&#8221; width_last_edited=&#8221;on|phone&#8221; custom_margin_tablet=&#8221;||20px||false|false&#8221; custom_margin_phone=&#8221;||20px||false|false&#8221; custom_margin_last_edited=&#8221;on|desktop&#8221; locked=&#8221;off&#8221; global_colors_info=&#8221;{}&#8221;][\/et_pb_divider][et_pb_gallery gallery_ids=&#8221;4621&#8243; show_title_and_caption=&#8221;off&#8221; show_pagination=&#8221;off&#8221; zoom_icon_color=&#8221;rgba(255,255,255,0.4)&#8221; hover_overlay_color=&#8221;rgba(81,81,81,0.4)&#8221; hover_icon=&#8221;&#x57;||divi||400&#8243; _builder_version=&#8221;4.14.5&#8243; _module_preset=&#8221;default&#8221; hover_enabled=&#8221;0&#8243; global_colors_info=&#8221;{}&#8221; sticky_enabled=&#8221;0&#8243;][\/et_pb_gallery][\/et_pb_column][\/et_pb_row][et_pb_row _builder_version=&#8221;4.14.5&#8243; _module_preset=&#8221;default&#8221; custom_padding=&#8221;69px|||||&#8221; global_colors_info=&#8221;{}&#8221;][et_pb_column type=&#8221;4_4&#8243; _builder_version=&#8221;4.14.5&#8243; _module_preset=&#8221;default&#8221; global_colors_info=&#8221;{}&#8221;][et_pb_text _builder_version=&#8221;4.14.5&#8243; _module_preset=&#8221;default&#8221; header_4_line_height=&#8221;1.4em&#8221; custom_margin=&#8221;||5px||false|false&#8221; custom_padding=&#8221;||||false|false&#8221; header_4_font_size_tablet=&#8221;16px&#8221; header_4_font_size_phone=&#8221;14px&#8221; header_4_font_size_last_edited=&#8221;on|phone&#8221; locked=&#8221;off&#8221; global_colors_info=&#8221;{}&#8221;]<\/p>\n<h4 style=\"text-align: left;\"><strong>Co\u0219 de fum andezit. Racordat sob\u0103, montat co\u0219uri de fum.<\/strong><\/h4>\n<p>[\/et_pb_text][et_pb_divider color=&#8221;#c0a188&#8243; divider_weight=&#8221;3px&#8221; _builder_version=&#8221;4.14.5&#8243; _module_preset=&#8221;default&#8221; width=&#8221;10%&#8221; width_tablet=&#8221;10%&#8221; width_phone=&#8221;20%&#8221; width_last_edited=&#8221;on|phone&#8221; custom_margin_tablet=&#8221;||20px||false|false&#8221; custom_margin_phone=&#8221;||20px||false|false&#8221; custom_margin_last_edited=&#8221;on|desktop&#8221; locked=&#8221;off&#8221; global_colors_info=&#8221;{}&#8221;][\/et_pb_divider][et_pb_gallery gallery_ids=&#8221;3921,3922&#8243; show_title_and_caption=&#8221;off&#8221; show_pagination=&#8221;off&#8221; zoom_icon_color=&#8221;rgba(255,255,255,0.4)&#8221; hover_overlay_color=&#8221;rgba(81,81,81,0.4)&#8221; hover_icon=&#8221;&#x57;||divi||400&#8243; _builder_version=&#8221;4.14.5&#8243; _module_preset=&#8221;default&#8221; locked=&#8221;off&#8221; global_colors_info=&#8221;{}&#8221;][\/et_pb_gallery][\/et_pb_column][\/et_pb_row][\/et_pb_section]<\/p>\n","protected":false},"excerpt":{"rendered":"<p>Co\u0219uri de fumPentru alegerea\/construirea co\u0219ului de fum v\u0103 recomand\u0103m consultarea specialistului. Tipul \u0219i dimensiunile potrivite ale co\u0219ului de fum sunt decisive \u00een eficientizarea \u0219emineului. Asigurarea unui co\u0219 de fum curat, pentru evacuarea corect\u0103 \u0219i \u00een \u00eentregime a gazelor, cur\u0103\u021barea periodic\u0103 a acestuia, duc de asemenea la eficientizarea \u0219i asigurarea func\u021bion\u0103rii corecte a \u0219emineului.Co\u0219 de fum [&hellip;]<\/p>\n","protected":false},"author":3,"featured_media":0,"parent":13,"menu_order":6,"comment_status":"closed","ping_status":"closed","template":"","meta":{"_et_pb_use_builder":"on","_et_pb_old_content":"<!-- wp:divi\/placeholder \/-->","_et_gb_content_width":"","_mi_skip_tracking":false,"_monsterinsights_sitenote_active":false,"_monsterinsights_sitenote_note":"","_monsterinsights_sitenote_category":0,"footnotes":""},"class_list":["post-43","page","type-page","status-publish","hentry"],"yoast_head":"<!-- This site is optimized with the Yoast SEO plugin v18.7 - https:\/\/yoast.com\/wordpress\/plugins\/seo\/ -->\n<title>Co\u0219uri de fum - Semineevistea<\/title>\n<meta name=\"robots\" content=\"index, follow, max-snippet:-1, max-image-preview:large, max-video-preview:-1\" \/>\n<link rel=\"canonical\" href=\"https:\/\/semineevistea.ro\/index.php\/lucrari-din-piatra\/cosuri-de-fum\/\" \/>\n<meta property=\"og:locale\" content=\"ro_RO\" \/>\n<meta property=\"og:type\" content=\"article\" \/>\n<meta property=\"og:title\" content=\"Co\u0219uri de fum - Semineevistea\" \/>\n<meta property=\"og:description\" content=\"Co\u0219uri de fumPentru alegerea\/construirea co\u0219ului de fum v\u0103 recomand\u0103m consultarea specialistului. Tipul \u0219i dimensiunile potrivite ale co\u0219ului de fum sunt decisive \u00een eficientizarea \u0219emineului. Asigurarea unui co\u0219 de fum curat, pentru evacuarea corect\u0103 \u0219i \u00een \u00eentregime a gazelor, cur\u0103\u021barea periodic\u0103 a acestuia, duc de asemenea la eficientizarea \u0219i asigurarea func\u021bion\u0103rii corecte a \u0219emineului.Co\u0219 de fum [&hellip;]\" \/>\n<meta property=\"og:url\" content=\"https:\/\/semineevistea.ro\/index.php\/lucrari-din-piatra\/cosuri-de-fum\/\" \/>\n<meta property=\"og:site_name\" content=\"Semineevistea\" \/>\n<meta property=\"article:modified_time\" content=\"2022-03-01T13:33:32+00:00\" \/>\n<meta name=\"twitter:card\" content=\"summary_large_image\" \/>\n<script type=\"application\/ld+json\" class=\"yoast-schema-graph\">{\"@context\":\"https:\/\/schema.org\",\"@graph\":[{\"@type\":\"Organization\",\"@id\":\"https:\/\/semineevistea.ro\/#organization\",\"name\":\"Seminee Vistea\",\"url\":\"https:\/\/semineevistea.ro\/\",\"sameAs\":[],\"logo\":{\"@type\":\"ImageObject\",\"inLanguage\":\"ro-RO\",\"@id\":\"https:\/\/semineevistea.ro\/#\/schema\/logo\/image\/\",\"url\":\"https:\/\/semineevistea.ro\/wp-content\/uploads\/2022\/01\/Seminee-black.png\",\"contentUrl\":\"https:\/\/semineevistea.ro\/wp-content\/uploads\/2022\/01\/Seminee-black.png\",\"width\":1258,\"height\":487,\"caption\":\"Seminee Vistea\"},\"image\":{\"@id\":\"https:\/\/semineevistea.ro\/#\/schema\/logo\/image\/\"}},{\"@type\":\"WebSite\",\"@id\":\"https:\/\/semineevistea.ro\/#website\",\"url\":\"https:\/\/semineevistea.ro\/\",\"name\":\"Semineevistea\",\"description\":\"\",\"publisher\":{\"@id\":\"https:\/\/semineevistea.ro\/#organization\"},\"potentialAction\":[{\"@type\":\"SearchAction\",\"target\":{\"@type\":\"EntryPoint\",\"urlTemplate\":\"https:\/\/semineevistea.ro\/?s={search_term_string}\"},\"query-input\":\"required name=search_term_string\"}],\"inLanguage\":\"ro-RO\"},{\"@type\":\"WebPage\",\"@id\":\"https:\/\/semineevistea.ro\/index.php\/lucrari-din-piatra\/cosuri-de-fum\/#webpage\",\"url\":\"https:\/\/semineevistea.ro\/index.php\/lucrari-din-piatra\/cosuri-de-fum\/\",\"name\":\"Co\u0219uri de fum - Semineevistea\",\"isPartOf\":{\"@id\":\"https:\/\/semineevistea.ro\/#website\"},\"datePublished\":\"2022-01-11T20:14:12+00:00\",\"dateModified\":\"2022-03-01T13:33:32+00:00\",\"breadcrumb\":{\"@id\":\"https:\/\/semineevistea.ro\/index.php\/lucrari-din-piatra\/cosuri-de-fum\/#breadcrumb\"},\"inLanguage\":\"ro-RO\",\"potentialAction\":[{\"@type\":\"ReadAction\",\"target\":[\"https:\/\/semineevistea.ro\/index.php\/lucrari-din-piatra\/cosuri-de-fum\/\"]}]},{\"@type\":\"BreadcrumbList\",\"@id\":\"https:\/\/semineevistea.ro\/index.php\/lucrari-din-piatra\/cosuri-de-fum\/#breadcrumb\",\"itemListElement\":[{\"@type\":\"ListItem\",\"position\":1,\"name\":\"Prima pagin\u0103\",\"item\":\"https:\/\/semineevistea.ro\/\"},{\"@type\":\"ListItem\",\"position\":2,\"name\":\"Lucr\u0103ri din piatr\u0103\",\"item\":\"https:\/\/semineevistea.ro\/index.php\/lucrari-din-piatra\/\"},{\"@type\":\"ListItem\",\"position\":3,\"name\":\"Co\u0219uri de fum\"}]}]}<\/script>\n<!-- \/ Yoast SEO plugin. -->","yoast_head_json":{"title":"Co\u0219uri de fum - Semineevistea","robots":{"index":"index","follow":"follow","max-snippet":"max-snippet:-1","max-image-preview":"max-image-preview:large","max-video-preview":"max-video-preview:-1"},"canonical":"https:\/\/semineevistea.ro\/index.php\/lucrari-din-piatra\/cosuri-de-fum\/","og_locale":"ro_RO","og_type":"article","og_title":"Co\u0219uri de fum - Semineevistea","og_description":"Co\u0219uri de fumPentru alegerea\/construirea co\u0219ului de fum v\u0103 recomand\u0103m consultarea specialistului. Tipul \u0219i dimensiunile potrivite ale co\u0219ului de fum sunt decisive \u00een eficientizarea \u0219emineului. Asigurarea unui co\u0219 de fum curat, pentru evacuarea corect\u0103 \u0219i \u00een \u00eentregime a gazelor, cur\u0103\u021barea periodic\u0103 a acestuia, duc de asemenea la eficientizarea \u0219i asigurarea func\u021bion\u0103rii corecte a \u0219emineului.Co\u0219 de fum [&hellip;]","og_url":"https:\/\/semineevistea.ro\/index.php\/lucrari-din-piatra\/cosuri-de-fum\/","og_site_name":"Semineevistea","article_modified_time":"2022-03-01T13:33:32+00:00","twitter_card":"summary_large_image","schema":{"@context":"https:\/\/schema.org","@graph":[{"@type":"Organization","@id":"https:\/\/semineevistea.ro\/#organization","name":"Seminee Vistea","url":"https:\/\/semineevistea.ro\/","sameAs":[],"logo":{"@type":"ImageObject","inLanguage":"ro-RO","@id":"https:\/\/semineevistea.ro\/#\/schema\/logo\/image\/","url":"https:\/\/semineevistea.ro\/wp-content\/uploads\/2022\/01\/Seminee-black.png","contentUrl":"https:\/\/semineevistea.ro\/wp-content\/uploads\/2022\/01\/Seminee-black.png","width":1258,"height":487,"caption":"Seminee Vistea"},"image":{"@id":"https:\/\/semineevistea.ro\/#\/schema\/logo\/image\/"}},{"@type":"WebSite","@id":"https:\/\/semineevistea.ro\/#website","url":"https:\/\/semineevistea.ro\/","name":"Semineevistea","description":"","publisher":{"@id":"https:\/\/semineevistea.ro\/#organization"},"potentialAction":[{"@type":"SearchAction","target":{"@type":"EntryPoint","urlTemplate":"https:\/\/semineevistea.ro\/?s={search_term_string}"},"query-input":"required name=search_term_string"}],"inLanguage":"ro-RO"},{"@type":"WebPage","@id":"https:\/\/semineevistea.ro\/index.php\/lucrari-din-piatra\/cosuri-de-fum\/#webpage","url":"https:\/\/semineevistea.ro\/index.php\/lucrari-din-piatra\/cosuri-de-fum\/","name":"Co\u0219uri de fum - Semineevistea","isPartOf":{"@id":"https:\/\/semineevistea.ro\/#website"},"datePublished":"2022-01-11T20:14:12+00:00","dateModified":"2022-03-01T13:33:32+00:00","breadcrumb":{"@id":"https:\/\/semineevistea.ro\/index.php\/lucrari-din-piatra\/cosuri-de-fum\/#breadcrumb"},"inLanguage":"ro-RO","potentialAction":[{"@type":"ReadAction","target":["https:\/\/semineevistea.ro\/index.php\/lucrari-din-piatra\/cosuri-de-fum\/"]}]},{"@type":"BreadcrumbList","@id":"https:\/\/semineevistea.ro\/index.php\/lucrari-din-piatra\/cosuri-de-fum\/#breadcrumb","itemListElement":[{"@type":"ListItem","position":1,"name":"Prima pagin\u0103","item":"https:\/\/semineevistea.ro\/"},{"@type":"ListItem","position":2,"name":"Lucr\u0103ri din piatr\u0103","item":"https:\/\/semineevistea.ro\/index.php\/lucrari-din-piatra\/"},{"@type":"ListItem","position":3,"name":"Co\u0219uri de fum"}]}]}},"_links":{"self":[{"href":"https:\/\/semineevistea.ro\/index.php\/wp-json\/wp\/v2\/pages\/43","targetHints":{"allow":["GET"]}}],"collection":[{"href":"https:\/\/semineevistea.ro\/index.php\/wp-json\/wp\/v2\/pages"}],"about":[{"href":"https:\/\/semineevistea.ro\/index.php\/wp-json\/wp\/v2\/types\/page"}],"author":[{"embeddable":true,"href":"https:\/\/semineevistea.ro\/index.php\/wp-json\/wp\/v2\/users\/3"}],"replies":[{"embeddable":true,"href":"https:\/\/semineevistea.ro\/index.php\/wp-json\/wp\/v2\/comments?post=43"}],"version-history":[{"count":13,"href":"https:\/\/semineevistea.ro\/index.php\/wp-json\/wp\/v2\/pages\/43\/revisions"}],"predecessor-version":[{"id":4622,"href":"https:\/\/semineevistea.ro\/index.php\/wp-json\/wp\/v2\/pages\/43\/revisions\/4622"}],"up":[{"embeddable":true,"href":"https:\/\/semineevistea.ro\/index.php\/wp-json\/wp\/v2\/pages\/13"}],"wp:attachment":[{"href":"https:\/\/semineevistea.ro\/index.php\/wp-json\/wp\/v2\/media?parent=43"}],"curies":[{"name":"wp","href":"https:\/\/api.w.org\/{rel}","templated":true}]}}