{"id":45,"date":"2022-01-11T20:15:08","date_gmt":"2022-01-11T20:15:08","guid":{"rendered":"http:\/\/hostingwp2033406.online.pro\/dummy\/semineevestea\/?page_id=45"},"modified":"2022-04-02T13:41:09","modified_gmt":"2022-04-02T13:41:09","slug":"amenajari-exterioare","status":"publish","type":"page","link":"https:\/\/semineevistea.ro\/index.php\/lucrari-din-piatra\/amenajari-exterioare\/","title":{"rendered":"Amenaj\u0103ri exterioare"},"content":{"rendered":"<p>[et_pb_section fb_built=&#8221;1&#8243; _builder_version=&#8221;4.14.5&#8243; _module_preset=&#8221;default&#8221; locked=&#8221;off&#8221; global_colors_info=&#8221;{}&#8221;][et_pb_row _builder_version=&#8221;4.14.5&#8243; _module_preset=&#8221;default&#8221; global_colors_info=&#8221;{}&#8221;][et_pb_column type=&#8221;4_4&#8243; _builder_version=&#8221;4.14.5&#8243; _module_preset=&#8221;default&#8221; global_colors_info=&#8221;{}&#8221;][et_pb_text _builder_version=&#8221;4.14.5&#8243; _module_preset=&#8221;default&#8221; text_font=&#8221;|700|||||||&#8221; text_text_color=&#8221;#FFFFFF&#8221; text_font_size=&#8221;30px&#8221; text_font_size_tablet=&#8221;25px&#8221; text_font_size_phone=&#8221;20px&#8221; text_font_size_last_edited=&#8221;on|phone&#8221; text_text_shadow_style=&#8221;preset1&#8243; global_colors_info=&#8221;{}&#8221;]<\/p>\n<p style=\"text-align: center;\">Amenaj\u0103ri exterioare<\/p>\n<p>[\/et_pb_text][\/et_pb_column][\/et_pb_row][\/et_pb_section][et_pb_section fb_built=&#8221;1&#8243; _builder_version=&#8221;4.14.5&#8243; _module_preset=&#8221;default&#8221; use_background_color_gradient=&#8221;on&#8221; background_color_gradient_start=&#8221;rgba(0,0,0,0.2)&#8221; background_color_gradient_end=&#8221;rgba(0,0,0,0.3)&#8221; background_color_gradient_overlays_image=&#8221;on&#8221; background_image=&#8221;https:\/\/semineevistea.ro\/wp-content\/uploads\/2022\/01\/pexels-karolina-grabowska-4705853-1.jpg&#8221; positioning=&#8221;absolute&#8221; min_height=&#8221;379px&#8221; custom_margin=&#8221;-140px||-20px||false|false&#8221; custom_margin_tablet=&#8221;-160px||||false|false&#8221; custom_margin_phone=&#8221;-180px||-20px||false|false&#8221; custom_margin_last_edited=&#8221;on|phone&#8221; locked=&#8221;off&#8221; global_colors_info=&#8221;{}&#8221;][\/et_pb_section][et_pb_section fb_built=&#8221;1&#8243; _builder_version=&#8221;4.14.5&#8243; _module_preset=&#8221;default&#8221; min_height=&#8221;283px&#8221; custom_padding=&#8221;||112px|||&#8221; global_colors_info=&#8221;{}&#8221;][et_pb_row _builder_version=&#8221;4.14.5&#8243; _module_preset=&#8221;default&#8221; custom_padding=&#8221;67px|||||&#8221; locked=&#8221;off&#8221; global_colors_info=&#8221;{}&#8221;][et_pb_column type=&#8221;4_4&#8243; _builder_version=&#8221;4.14.5&#8243; _module_preset=&#8221;default&#8221; global_colors_info=&#8221;{}&#8221;][et_pb_text _builder_version=&#8221;4.14.5&#8243; _module_preset=&#8221;default&#8221; header_4_line_height=&#8221;1.6em&#8221; custom_margin=&#8221;||5px||false|false&#8221; custom_padding=&#8221;||||false|false&#8221; header_4_font_size_tablet=&#8221;16px&#8221; header_4_font_size_phone=&#8221;14px&#8221; header_4_font_size_last_edited=&#8221;on|phone&#8221; locked=&#8221;off&#8221; global_colors_info=&#8221;{}&#8221;]<\/p>\n<h4><strong>Prima impresie conteaz\u0103!<\/strong><\/h4>\n<h4>Este esen\u021bial ca fa\u021bada casei s\u0103 aib\u0103 un aspect pl\u0103cut, \u00eengrijit, frumos executat \u0219i mai ales cu materiale de prim\u0103 calitate. Detaliile, formele, m\u0103rimile, culorile, \u00eembin\u0103rile, definesc ceea ce \u00eenseamn\u0103 personalitatea unei case.<\/h4>\n<h4>Albi Vi\u0219tea SRL este specializat\u0103 \u00een realizarea de lucr\u0103ri care se bazeaz\u0103 pe prelucrarea pietrei.<\/h4>\n<h4>Modern \u0219i clasic \u00een acela\u0219i timp, piatra confer\u0103 unicitate si elegan\u021b\u0103 oricarei construc\u021bii.<\/h4>\n<h4>Apela\u021bi la noi cu \u00eencredere, pentru orice lucr\u0103ri din piatr\u0103. Lucr\u0103m \u00een Cluj \u0219i \u00een zonele apropiate.<\/h4>\n<h4>Nou\u0103 ne place s\u0103 facem pe plac tuturor celor care apeleaz\u0103 la serviciile noastre \u0219i de aceea, nu facem rabat la calitate \u0219i ne d\u0103m toat\u0103 silin\u021ba ca lucrarea executat\u0103 s\u0103 fie de nota 10.<\/h4>\n<h4>Iat\u0103 c\u00e2teva din lucr\u0103rile noastre:<\/h4>\n<p>[\/et_pb_text][et_pb_divider color=&#8221;#c0a188&#8243; divider_weight=&#8221;3px&#8221; _builder_version=&#8221;4.14.5&#8243; _module_preset=&#8221;default&#8221; width=&#8221;10%&#8221; width_tablet=&#8221;10%&#8221; width_phone=&#8221;20%&#8221; width_last_edited=&#8221;on|phone&#8221; custom_margin_tablet=&#8221;||20px||false|false&#8221; custom_margin_phone=&#8221;||20px||false|false&#8221; custom_margin_last_edited=&#8221;on|desktop&#8221; locked=&#8221;off&#8221; global_colors_info=&#8221;{}&#8221;][\/et_pb_divider][\/et_pb_column][\/et_pb_row][et_pb_row _builder_version=&#8221;4.14.5&#8243; _module_preset=&#8221;default&#8221; custom_padding=&#8221;0px||0px||true|false&#8221; locked=&#8221;off&#8221; global_colors_info=&#8221;{}&#8221;][et_pb_column type=&#8221;4_4&#8243; _builder_version=&#8221;4.14.5&#8243; _module_preset=&#8221;default&#8221; global_colors_info=&#8221;{}&#8221;][et_pb_text _builder_version=&#8221;4.14.5&#8243; _module_preset=&#8221;default&#8221; header_4_line_height=&#8221;1.4em&#8221; custom_margin=&#8221;||5px||false|false&#8221; custom_padding=&#8221;||||false|false&#8221; header_4_font_size_tablet=&#8221;16px&#8221; header_4_font_size_phone=&#8221;14px&#8221; header_4_font_size_last_edited=&#8221;on|phone&#8221; global_colors_info=&#8221;{}&#8221;]<\/p>\n<h4><strong>Casa placat\u0103 cu piatra spart\u0103<\/strong><\/h4>\n<p>[\/et_pb_text][et_pb_text _builder_version=&#8221;4.14.5&#8243; _module_preset=&#8221;default&#8221; header_4_line_height=&#8221;1.4em&#8221; custom_margin=&#8221;||5px||false|false&#8221; custom_padding=&#8221;||||false|false&#8221; hover_enabled=&#8221;0&#8243; header_4_font_size_tablet=&#8221;16px&#8221; header_4_font_size_phone=&#8221;14px&#8221; header_4_font_size_last_edited=&#8221;on|phone&#8221; global_colors_info=&#8221;{}&#8221; sticky_enabled=&#8221;0&#8243;]<\/p>\n<h4>Noi sus\u021binem c\u0103 piatra natural\u0103 este \u00eentotdeauna cea mai bun\u0103 alegere. \u0218i avem argumente solide: Are durabilitate ridicat\u0103 \u0219i se poate restaura. Elementele din piatra natural\u0103 personalizat\u0103 dau unicitate spa\u021biului\/peisajului dumneavoastr\u0103.<\/h4>\n<h4>Piatra natural\u0103 are multiple \u00eentrebuin\u021b\u0103ri: de la funda\u021biile construc\u021biilor p\u00e2n\u0103 la sus\u021bineri \u0219i elemente decorative.<\/h4>\n<h4>Piatra natural\u0103 \u00eensemn\u0103 elegan\u021b\u0103 clasic\u0103 \u0219i frumuse\u021be de durat\u0103. Se integreaz\u0103 perfect \u00een orice design \u0219i este mereu la mod\u0103.<\/h4>\n<p>[\/et_pb_text][et_pb_divider color=&#8221;#c0a188&#8243; divider_weight=&#8221;3px&#8221; _builder_version=&#8221;4.14.5&#8243; _module_preset=&#8221;default&#8221; width=&#8221;10%&#8221; width_tablet=&#8221;10%&#8221; width_phone=&#8221;20%&#8221; width_last_edited=&#8221;on|phone&#8221; custom_margin_tablet=&#8221;||20px||false|false&#8221; custom_margin_phone=&#8221;||20px||false|false&#8221; custom_margin_last_edited=&#8221;on|desktop&#8221; global_colors_info=&#8221;{}&#8221;][\/et_pb_divider][et_pb_gallery gallery_ids=&#8221;4614,4665&#8243; show_title_and_caption=&#8221;off&#8221; show_pagination=&#8221;off&#8221; zoom_icon_color=&#8221;rgba(255,255,255,0.4)&#8221; hover_overlay_color=&#8221;rgba(81,81,81,0.4)&#8221; hover_icon=&#8221;&#x57;||divi||400&#8243; _builder_version=&#8221;4.14.5&#8243; _module_preset=&#8221;default&#8221; custom_margin=&#8221;||||false|false&#8221; custom_padding=&#8221;||||false|false&#8221; locked=&#8221;off&#8221; global_colors_info=&#8221;{}&#8221;][\/et_pb_gallery][\/et_pb_column][\/et_pb_row][et_pb_row _builder_version=&#8221;4.14.5&#8243; _module_preset=&#8221;default&#8221; custom_padding=&#8221;67px|||||&#8221; locked=&#8221;off&#8221; global_colors_info=&#8221;{}&#8221;][et_pb_column type=&#8221;4_4&#8243; _builder_version=&#8221;4.14.5&#8243; _module_preset=&#8221;default&#8221; global_colors_info=&#8221;{}&#8221;][et_pb_text _builder_version=&#8221;4.14.5&#8243; _module_preset=&#8221;default&#8221; header_4_line_height=&#8221;1.4em&#8221; custom_margin=&#8221;||5px||false|false&#8221; custom_padding=&#8221;||||false|false&#8221; hover_enabled=&#8221;0&#8243; header_4_font_size_tablet=&#8221;16px&#8221; header_4_font_size_phone=&#8221;14px&#8221; header_4_font_size_last_edited=&#8221;on|phone&#8221; locked=&#8221;off&#8221; global_colors_info=&#8221;{}&#8221; sticky_enabled=&#8221;0&#8243;]<\/p>\n<h4 style=\"text-align: left;\"><strong>Plac\u0103ri cu piatr\u0103 \u00een stil vechi, tip sur\u0103 veche<\/strong><\/h4>\n<h4>Modern \u0219i clasic \u00een acela\u0219i timp, piatra confer\u0103 oricarei construc\u021bii unicitate \u0219i elegan\u021b\u0103.<\/h4>\n<h4>Plac\u0103rile cu piatra sunt perfecte dac\u0103 v\u0103 dori\u021bi protejarea casei\/pere\u021bilor\/cur\u021bii.<\/h4>\n<h4>Apela\u021bi cu \u00eencredere la noi pentru orice lucr\u0103ri din piatr\u0103 \u00een Cluj \u0219i \u00een zonele apropiate.<\/h4>\n<p>[\/et_pb_text][et_pb_divider color=&#8221;#c0a188&#8243; divider_weight=&#8221;3px&#8221; _builder_version=&#8221;4.14.5&#8243; _module_preset=&#8221;default&#8221; width=&#8221;10%&#8221; width_tablet=&#8221;10%&#8221; width_phone=&#8221;20%&#8221; width_last_edited=&#8221;on|phone&#8221; custom_margin_tablet=&#8221;||20px||false|false&#8221; custom_margin_phone=&#8221;||20px||false|false&#8221; custom_margin_last_edited=&#8221;on|desktop&#8221; locked=&#8221;off&#8221; global_colors_info=&#8221;{}&#8221;][\/et_pb_divider][et_pb_gallery gallery_ids=&#8221;4510,4511,4512,4513,4514,4515,4516,4517,4518,4519,4520,4521&#8243; posts_number=&#8221;15&#8243; show_title_and_caption=&#8221;off&#8221; show_pagination=&#8221;off&#8221; zoom_icon_color=&#8221;rgba(255,255,255,0.4)&#8221; hover_overlay_color=&#8221;rgba(81,81,81,0.4)&#8221; hover_icon=&#8221;&#x57;||divi||400&#8243; _builder_version=&#8221;4.14.5&#8243; _module_preset=&#8221;default&#8221; global_colors_info=&#8221;{}&#8221;][\/et_pb_gallery][\/et_pb_column][\/et_pb_row][et_pb_row _builder_version=&#8221;4.14.5&#8243; _module_preset=&#8221;default&#8221; custom_padding=&#8221;67px|||||&#8221; locked=&#8221;off&#8221; global_colors_info=&#8221;{}&#8221;][et_pb_column type=&#8221;4_4&#8243; _builder_version=&#8221;4.14.5&#8243; _module_preset=&#8221;default&#8221; global_colors_info=&#8221;{}&#8221;][et_pb_text _builder_version=&#8221;4.14.5&#8243; _module_preset=&#8221;default&#8221; header_4_line_height=&#8221;1.4em&#8221; custom_margin=&#8221;||5px||false|false&#8221; custom_padding=&#8221;||||false|false&#8221; hover_enabled=&#8221;0&#8243; header_4_font_size_tablet=&#8221;16px&#8221; header_4_font_size_phone=&#8221;14px&#8221; header_4_font_size_last_edited=&#8221;on|phone&#8221; locked=&#8221;off&#8221; global_colors_info=&#8221;{}&#8221; sticky_enabled=&#8221;0&#8243;]<\/p>\n<h4 style=\"text-align: left;\"><strong>Plac\u0103ri cu piatr\u0103 de vi\u0219tea<\/strong><\/h4>\n<h4>Albi Vi\u0219tea SRL este specializat\u0103 \u00een realizarea de lucr\u0103ri care se bazeaz\u0103 pe prelucrarea pietrei, de la elemente de interior p\u00e2n\u0103 la lucr\u0103ri de exterior. C\u00e2nd vine vorba de lucr\u0103ri de durata \u0219i crearea de modele unice, rezistente, plac\u0103rile din piatr\u0103 natural\u0103 sunt exact ceea ce ave\u021bi nevoie.<\/h4>\n<h4>Pere\u021bii \/ gardurile \/ zidurile \/ plac\u0103rile realizate de noi vor \u00eembun\u0103t\u0103\u021bi designul locuin\u021bei \/ cur\u021bii \/ peisajului dvs \u0219i vor face ca spa\u021biul \u00een aer liber sau \u00een interior s\u0103 fie unic \u0219i mai atractiv.<\/h4>\n<p>[\/et_pb_text][et_pb_divider color=&#8221;#c0a188&#8243; divider_weight=&#8221;3px&#8221; _builder_version=&#8221;4.14.5&#8243; _module_preset=&#8221;default&#8221; width=&#8221;10%&#8221; width_tablet=&#8221;10%&#8221; width_phone=&#8221;20%&#8221; width_last_edited=&#8221;on|phone&#8221; custom_margin_tablet=&#8221;||20px||false|false&#8221; custom_margin_phone=&#8221;||20px||false|false&#8221; custom_margin_last_edited=&#8221;on|desktop&#8221; locked=&#8221;off&#8221; global_colors_info=&#8221;{}&#8221;][\/et_pb_divider][et_pb_gallery gallery_ids=&#8221;4722,4667,3945,3946&#8243; show_title_and_caption=&#8221;off&#8221; show_pagination=&#8221;off&#8221; zoom_icon_color=&#8221;rgba(255,255,255,0.4)&#8221; hover_overlay_color=&#8221;rgba(81,81,81,0.4)&#8221; hover_icon=&#8221;&#x57;||divi||400&#8243; _builder_version=&#8221;4.14.5&#8243; _module_preset=&#8221;default&#8221; hover_enabled=&#8221;0&#8243; global_colors_info=&#8221;{}&#8221; sticky_enabled=&#8221;0&#8243;][\/et_pb_gallery][\/et_pb_column][\/et_pb_row][et_pb_row _builder_version=&#8221;4.14.5&#8243; _module_preset=&#8221;default&#8221; custom_padding=&#8221;67px|||||&#8221; global_colors_info=&#8221;{}&#8221;][et_pb_column type=&#8221;4_4&#8243; _builder_version=&#8221;4.14.5&#8243; _module_preset=&#8221;default&#8221; global_colors_info=&#8221;{}&#8221;][et_pb_text _builder_version=&#8221;4.14.5&#8243; _module_preset=&#8221;default&#8221; header_4_line_height=&#8221;1.4em&#8221; custom_margin=&#8221;||5px||false|false&#8221; custom_padding=&#8221;||||false|false&#8221; header_4_font_size_tablet=&#8221;16px&#8221; header_4_font_size_phone=&#8221;14px&#8221; header_4_font_size_last_edited=&#8221;on|phone&#8221; locked=&#8221;off&#8221; global_colors_info=&#8221;{}&#8221;]<\/p>\n<h4 style=\"text-align: left;\"><strong>Sc\u0103ri, socluri de case din marmur\u0103 \u0219i travertin<\/strong><\/h4>\n<h4>Realiz\u0103m sc\u0103ri \u0219i socluri de case din piatr\u0103 de Vi\u0219tea, marmur\u0103 \u0219i travertin.<\/h4>\n<p>[\/et_pb_text][et_pb_divider color=&#8221;#c0a188&#8243; divider_weight=&#8221;3px&#8221; _builder_version=&#8221;4.14.5&#8243; _module_preset=&#8221;default&#8221; width=&#8221;10%&#8221; width_tablet=&#8221;10%&#8221; width_phone=&#8221;20%&#8221; width_last_edited=&#8221;on|phone&#8221; custom_margin_tablet=&#8221;||20px||false|false&#8221; custom_margin_phone=&#8221;||20px||false|false&#8221; custom_margin_last_edited=&#8221;on|desktop&#8221; locked=&#8221;off&#8221; global_colors_info=&#8221;{}&#8221;][\/et_pb_divider][et_pb_gallery gallery_ids=&#8221;3949,3950,4727,3951,4724,4725,4726,4728&#8243; posts_number=&#8221;8&#8243; show_title_and_caption=&#8221;off&#8221; show_pagination=&#8221;off&#8221; zoom_icon_color=&#8221;rgba(255,255,255,0.4)&#8221; hover_overlay_color=&#8221;rgba(81,81,81,0.4)&#8221; hover_icon=&#8221;&#x57;||divi||400&#8243; _builder_version=&#8221;4.14.5&#8243; _module_preset=&#8221;default&#8221; global_colors_info=&#8221;{}&#8221;][\/et_pb_gallery][\/et_pb_column][\/et_pb_row][\/et_pb_section]<\/p>\n","protected":false},"excerpt":{"rendered":"<p>Amenaj\u0103ri exterioarePrima impresie conteaz\u0103! Este esen\u021bial ca fa\u021bada casei s\u0103 aib\u0103 un aspect pl\u0103cut, \u00eengrijit, frumos executat \u0219i mai ales cu materiale de prim\u0103 calitate. Detaliile, formele, m\u0103rimile, culorile, \u00eembin\u0103rile, definesc ceea ce \u00eenseamn\u0103 personalitatea unei case. Albi Vi\u0219tea SRL este specializat\u0103 \u00een realizarea de lucr\u0103ri care se bazeaz\u0103 pe prelucrarea pietrei. Modern \u0219i clasic [&hellip;]<\/p>\n","protected":false},"author":3,"featured_media":0,"parent":13,"menu_order":7,"comment_status":"closed","ping_status":"closed","template":"","meta":{"_et_pb_use_builder":"on","_et_pb_old_content":"<!-- wp:divi\/placeholder \/-->","_et_gb_content_width":"","_mi_skip_tracking":false,"_monsterinsights_sitenote_active":false,"_monsterinsights_sitenote_note":"","_monsterinsights_sitenote_category":0,"footnotes":""},"class_list":["post-45","page","type-page","status-publish","hentry"],"yoast_head":"<!-- This site is optimized with the Yoast SEO plugin v18.7 - https:\/\/yoast.com\/wordpress\/plugins\/seo\/ -->\n<title>Amenaj\u0103ri exterioare - Semineevistea<\/title>\n<meta name=\"robots\" content=\"index, follow, max-snippet:-1, max-image-preview:large, max-video-preview:-1\" \/>\n<link rel=\"canonical\" href=\"https:\/\/semineevistea.ro\/index.php\/lucrari-din-piatra\/amenajari-exterioare\/\" \/>\n<meta property=\"og:locale\" content=\"ro_RO\" \/>\n<meta property=\"og:type\" content=\"article\" \/>\n<meta property=\"og:title\" content=\"Amenaj\u0103ri exterioare - Semineevistea\" \/>\n<meta property=\"og:description\" content=\"Amenaj\u0103ri exterioarePrima impresie conteaz\u0103! Este esen\u021bial ca fa\u021bada casei s\u0103 aib\u0103 un aspect pl\u0103cut, \u00eengrijit, frumos executat \u0219i mai ales cu materiale de prim\u0103 calitate. Detaliile, formele, m\u0103rimile, culorile, \u00eembin\u0103rile, definesc ceea ce \u00eenseamn\u0103 personalitatea unei case. Albi Vi\u0219tea SRL este specializat\u0103 \u00een realizarea de lucr\u0103ri care se bazeaz\u0103 pe prelucrarea pietrei. Modern \u0219i clasic [&hellip;]\" \/>\n<meta property=\"og:url\" content=\"https:\/\/semineevistea.ro\/index.php\/lucrari-din-piatra\/amenajari-exterioare\/\" \/>\n<meta property=\"og:site_name\" content=\"Semineevistea\" \/>\n<meta property=\"article:modified_time\" content=\"2022-04-02T13:41:09+00:00\" \/>\n<meta name=\"twitter:card\" content=\"summary_large_image\" \/>\n<script type=\"application\/ld+json\" class=\"yoast-schema-graph\">{\"@context\":\"https:\/\/schema.org\",\"@graph\":[{\"@type\":\"Organization\",\"@id\":\"https:\/\/semineevistea.ro\/#organization\",\"name\":\"Seminee Vistea\",\"url\":\"https:\/\/semineevistea.ro\/\",\"sameAs\":[],\"logo\":{\"@type\":\"ImageObject\",\"inLanguage\":\"ro-RO\",\"@id\":\"https:\/\/semineevistea.ro\/#\/schema\/logo\/image\/\",\"url\":\"https:\/\/semineevistea.ro\/wp-content\/uploads\/2022\/01\/Seminee-black.png\",\"contentUrl\":\"https:\/\/semineevistea.ro\/wp-content\/uploads\/2022\/01\/Seminee-black.png\",\"width\":1258,\"height\":487,\"caption\":\"Seminee Vistea\"},\"image\":{\"@id\":\"https:\/\/semineevistea.ro\/#\/schema\/logo\/image\/\"}},{\"@type\":\"WebSite\",\"@id\":\"https:\/\/semineevistea.ro\/#website\",\"url\":\"https:\/\/semineevistea.ro\/\",\"name\":\"Semineevistea\",\"description\":\"\",\"publisher\":{\"@id\":\"https:\/\/semineevistea.ro\/#organization\"},\"potentialAction\":[{\"@type\":\"SearchAction\",\"target\":{\"@type\":\"EntryPoint\",\"urlTemplate\":\"https:\/\/semineevistea.ro\/?s={search_term_string}\"},\"query-input\":\"required name=search_term_string\"}],\"inLanguage\":\"ro-RO\"},{\"@type\":\"WebPage\",\"@id\":\"https:\/\/semineevistea.ro\/index.php\/lucrari-din-piatra\/amenajari-exterioare\/#webpage\",\"url\":\"https:\/\/semineevistea.ro\/index.php\/lucrari-din-piatra\/amenajari-exterioare\/\",\"name\":\"Amenaj\u0103ri exterioare - Semineevistea\",\"isPartOf\":{\"@id\":\"https:\/\/semineevistea.ro\/#website\"},\"datePublished\":\"2022-01-11T20:15:08+00:00\",\"dateModified\":\"2022-04-02T13:41:09+00:00\",\"breadcrumb\":{\"@id\":\"https:\/\/semineevistea.ro\/index.php\/lucrari-din-piatra\/amenajari-exterioare\/#breadcrumb\"},\"inLanguage\":\"ro-RO\",\"potentialAction\":[{\"@type\":\"ReadAction\",\"target\":[\"https:\/\/semineevistea.ro\/index.php\/lucrari-din-piatra\/amenajari-exterioare\/\"]}]},{\"@type\":\"BreadcrumbList\",\"@id\":\"https:\/\/semineevistea.ro\/index.php\/lucrari-din-piatra\/amenajari-exterioare\/#breadcrumb\",\"itemListElement\":[{\"@type\":\"ListItem\",\"position\":1,\"name\":\"Prima pagin\u0103\",\"item\":\"https:\/\/semineevistea.ro\/\"},{\"@type\":\"ListItem\",\"position\":2,\"name\":\"Lucr\u0103ri din piatr\u0103\",\"item\":\"https:\/\/semineevistea.ro\/index.php\/lucrari-din-piatra\/\"},{\"@type\":\"ListItem\",\"position\":3,\"name\":\"Amenaj\u0103ri exterioare\"}]}]}<\/script>\n<!-- \/ Yoast SEO plugin. -->","yoast_head_json":{"title":"Amenaj\u0103ri exterioare - Semineevistea","robots":{"index":"index","follow":"follow","max-snippet":"max-snippet:-1","max-image-preview":"max-image-preview:large","max-video-preview":"max-video-preview:-1"},"canonical":"https:\/\/semineevistea.ro\/index.php\/lucrari-din-piatra\/amenajari-exterioare\/","og_locale":"ro_RO","og_type":"article","og_title":"Amenaj\u0103ri exterioare - Semineevistea","og_description":"Amenaj\u0103ri exterioarePrima impresie conteaz\u0103! Este esen\u021bial ca fa\u021bada casei s\u0103 aib\u0103 un aspect pl\u0103cut, \u00eengrijit, frumos executat \u0219i mai ales cu materiale de prim\u0103 calitate. Detaliile, formele, m\u0103rimile, culorile, \u00eembin\u0103rile, definesc ceea ce \u00eenseamn\u0103 personalitatea unei case. Albi Vi\u0219tea SRL este specializat\u0103 \u00een realizarea de lucr\u0103ri care se bazeaz\u0103 pe prelucrarea pietrei. Modern \u0219i clasic [&hellip;]","og_url":"https:\/\/semineevistea.ro\/index.php\/lucrari-din-piatra\/amenajari-exterioare\/","og_site_name":"Semineevistea","article_modified_time":"2022-04-02T13:41:09+00:00","twitter_card":"summary_large_image","schema":{"@context":"https:\/\/schema.org","@graph":[{"@type":"Organization","@id":"https:\/\/semineevistea.ro\/#organization","name":"Seminee Vistea","url":"https:\/\/semineevistea.ro\/","sameAs":[],"logo":{"@type":"ImageObject","inLanguage":"ro-RO","@id":"https:\/\/semineevistea.ro\/#\/schema\/logo\/image\/","url":"https:\/\/semineevistea.ro\/wp-content\/uploads\/2022\/01\/Seminee-black.png","contentUrl":"https:\/\/semineevistea.ro\/wp-content\/uploads\/2022\/01\/Seminee-black.png","width":1258,"height":487,"caption":"Seminee Vistea"},"image":{"@id":"https:\/\/semineevistea.ro\/#\/schema\/logo\/image\/"}},{"@type":"WebSite","@id":"https:\/\/semineevistea.ro\/#website","url":"https:\/\/semineevistea.ro\/","name":"Semineevistea","description":"","publisher":{"@id":"https:\/\/semineevistea.ro\/#organization"},"potentialAction":[{"@type":"SearchAction","target":{"@type":"EntryPoint","urlTemplate":"https:\/\/semineevistea.ro\/?s={search_term_string}"},"query-input":"required name=search_term_string"}],"inLanguage":"ro-RO"},{"@type":"WebPage","@id":"https:\/\/semineevistea.ro\/index.php\/lucrari-din-piatra\/amenajari-exterioare\/#webpage","url":"https:\/\/semineevistea.ro\/index.php\/lucrari-din-piatra\/amenajari-exterioare\/","name":"Amenaj\u0103ri exterioare - Semineevistea","isPartOf":{"@id":"https:\/\/semineevistea.ro\/#website"},"datePublished":"2022-01-11T20:15:08+00:00","dateModified":"2022-04-02T13:41:09+00:00","breadcrumb":{"@id":"https:\/\/semineevistea.ro\/index.php\/lucrari-din-piatra\/amenajari-exterioare\/#breadcrumb"},"inLanguage":"ro-RO","potentialAction":[{"@type":"ReadAction","target":["https:\/\/semineevistea.ro\/index.php\/lucrari-din-piatra\/amenajari-exterioare\/"]}]},{"@type":"BreadcrumbList","@id":"https:\/\/semineevistea.ro\/index.php\/lucrari-din-piatra\/amenajari-exterioare\/#breadcrumb","itemListElement":[{"@type":"ListItem","position":1,"name":"Prima pagin\u0103","item":"https:\/\/semineevistea.ro\/"},{"@type":"ListItem","position":2,"name":"Lucr\u0103ri din piatr\u0103","item":"https:\/\/semineevistea.ro\/index.php\/lucrari-din-piatra\/"},{"@type":"ListItem","position":3,"name":"Amenaj\u0103ri exterioare"}]}]}},"_links":{"self":[{"href":"https:\/\/semineevistea.ro\/index.php\/wp-json\/wp\/v2\/pages\/45","targetHints":{"allow":["GET"]}}],"collection":[{"href":"https:\/\/semineevistea.ro\/index.php\/wp-json\/wp\/v2\/pages"}],"about":[{"href":"https:\/\/semineevistea.ro\/index.php\/wp-json\/wp\/v2\/types\/page"}],"author":[{"embeddable":true,"href":"https:\/\/semineevistea.ro\/index.php\/wp-json\/wp\/v2\/users\/3"}],"replies":[{"embeddable":true,"href":"https:\/\/semineevistea.ro\/index.php\/wp-json\/wp\/v2\/comments?post=45"}],"version-history":[{"count":21,"href":"https:\/\/semineevistea.ro\/index.php\/wp-json\/wp\/v2\/pages\/45\/revisions"}],"predecessor-version":[{"id":4763,"href":"https:\/\/semineevistea.ro\/index.php\/wp-json\/wp\/v2\/pages\/45\/revisions\/4763"}],"up":[{"embeddable":true,"href":"https:\/\/semineevistea.ro\/index.php\/wp-json\/wp\/v2\/pages\/13"}],"wp:attachment":[{"href":"https:\/\/semineevistea.ro\/index.php\/wp-json\/wp\/v2\/media?parent=45"}],"curies":[{"name":"wp","href":"https:\/\/api.w.org\/{rel}","templated":true}]}}